{"version":"1.0","provider_name":"Jaakko Alavuotunki","provider_url":"https:\/\/jaakkoalavuotunki.fi\/wp","author_name":"Jaakko Alavuotunki","author_url":"https:\/\/jaakkoalavuotunki.fi\/wp\/author\/jaakko\/","title":"Veljeskansa vaarallisilla vesill\u00e4 - Jaakko Alavuotunki","type":"rich","width":600,"height":338,"html":"<blockquote class=\"wp-embedded-content\" data-secret=\"eoZAcVTDWi\"><a href=\"https:\/\/jaakkoalavuotunki.fi\/wp\/2010\/04\/28\/veljeskansa-vaarallisilla-poluilla\/\">Veljeskansa vaarallisilla vesill\u00e4<\/a><\/blockquote><iframe sandbox=\"allow-scripts\" security=\"restricted\" src=\"https:\/\/jaakkoalavuotunki.fi\/wp\/2010\/04\/28\/veljeskansa-vaarallisilla-poluilla\/embed\/#?secret=eoZAcVTDWi\" width=\"600\" height=\"338\" title=\"&#8221;Veljeskansa vaarallisilla vesill\u00e4&#8221; &#8212; Jaakko Alavuotunki\" data-secret=\"eoZAcVTDWi\" frameborder=\"0\" marginwidth=\"0\" marginheight=\"0\" scrolling=\"no\" class=\"wp-embedded-content\"><\/iframe><script type=\"text\/javascript\">\n\/* <![CDATA[ *\/\n\/*! This file is auto-generated *\/\n!function(d,l){\"use strict\";l.querySelector&&d.addEventListener&&\"undefined\"!=typeof URL&&(d.wp=d.wp||{},d.wp.receiveEmbedMessage||(d.wp.receiveEmbedMessage=function(e){var t=e.data;if((t||t.secret||t.message||t.value)&&!\/[^a-zA-Z0-9]\/.test(t.secret)){for(var s,r,n,a=l.querySelectorAll('iframe[data-secret=\"'+t.secret+'\"]'),o=l.querySelectorAll('blockquote[data-secret=\"'+t.secret+'\"]'),c=new RegExp(\"^https?:$\",\"i\"),i=0;i<o.length;i++)o[i].style.display=\"none\";for(i=0;i<a.length;i++)s=a[i],e.source===s.contentWindow&&(s.removeAttribute(\"style\"),\"height\"===t.message?(1e3<(r=parseInt(t.value,10))?r=1e3:~~r<200&&(r=200),s.height=r):\"link\"===t.message&&(r=new URL(s.getAttribute(\"src\")),n=new URL(t.value),c.test(n.protocol))&&n.host===r.host&&l.activeElement===s&&(d.top.location.href=t.value))}},d.addEventListener(\"message\",d.wp.receiveEmbedMessage,!1),l.addEventListener(\"DOMContentLoaded\",function(){for(var e,t,s=l.querySelectorAll(\"iframe.wp-embedded-content\"),r=0;r<s.length;r++)(t=(e=s[r]).getAttribute(\"data-secret\"))||(t=Math.random().toString(36).substring(2,12),e.src+=\"#?secret=\"+t,e.setAttribute(\"data-secret\",t)),e.contentWindow.postMessage({message:\"ready\",secret:t},\"*\")},!1)))}(window,document);\n\/* ]]> *\/\n<\/script>\n","thumbnail_url":"http:\/\/jaakkoalavuotunki.fi\/wp\/wp-content\/uploads\/2010\/04\/members-of-jobbik-a-hunga-001.jpg","thumbnail_width":460,"thumbnail_height":276,"description":"Unkarissa pidettiin parlamenttivaalit viime viikonloppuna. Aiheestakin ep\u00e4suosioon joutuneet, kahdeksan vuotta hallitusvastuussa olleet sosialistit kokivat vaaleissa murskatappion. Oikeistolainen Fidesz nousi p\u00e4\u00e4ministeripuolueeksi napaten per\u00e4ti 53 prosenttia kaikista \u00e4\u00e4nist\u00e4. Oikeistopuhuria vahvisti vaaleissa se, ett\u00e4 fasistinen Jobbik-puolue p\u00e4\u00e4si ensi kertaa parlamenttiin ker\u00e4ten hurjan 17&#46;&#46;&#46;"}