{"version":"1.0","provider_name":"Jaakko Alavuotunki","provider_url":"http:\/\/jaakkoalavuotunki.fi\/wp","author_name":"Jaakko Alavuotunki","author_url":"http:\/\/jaakkoalavuotunki.fi\/wp\/author\/jaakko\/","title":"\u00c4l\u00e4 osta mit\u00e4\u00e4n -p\u00e4iv\u00e4st\u00e4 ja julkisesta kaupunkitilasta - Jaakko Alavuotunki","type":"rich","width":600,"height":338,"html":"<blockquote class=\"wp-embedded-content\" data-secret=\"IVILXHVyhs\"><a href=\"http:\/\/jaakkoalavuotunki.fi\/wp\/2008\/11\/28\/ala-osta-mitaan-paivasta-ja-julkisesta-kaupunkitilasta\/\">\u00c4l\u00e4 osta mit\u00e4\u00e4n -p\u00e4iv\u00e4st\u00e4 ja julkisesta kaupunkitilasta<\/a><\/blockquote><iframe sandbox=\"allow-scripts\" security=\"restricted\" src=\"http:\/\/jaakkoalavuotunki.fi\/wp\/2008\/11\/28\/ala-osta-mitaan-paivasta-ja-julkisesta-kaupunkitilasta\/embed\/#?secret=IVILXHVyhs\" width=\"600\" height=\"338\" title=\"&#8221;\u00c4l\u00e4 osta mit\u00e4\u00e4n -p\u00e4iv\u00e4st\u00e4 ja julkisesta kaupunkitilasta&#8221; &#8212; Jaakko Alavuotunki\" data-secret=\"IVILXHVyhs\" frameborder=\"0\" marginwidth=\"0\" marginheight=\"0\" scrolling=\"no\" class=\"wp-embedded-content\"><\/iframe><script type=\"text\/javascript\">\n\/* <![CDATA[ *\/\n\/*! This file is auto-generated *\/\n!function(d,l){\"use strict\";l.querySelector&&d.addEventListener&&\"undefined\"!=typeof URL&&(d.wp=d.wp||{},d.wp.receiveEmbedMessage||(d.wp.receiveEmbedMessage=function(e){var t=e.data;if((t||t.secret||t.message||t.value)&&!\/[^a-zA-Z0-9]\/.test(t.secret)){for(var s,r,n,a=l.querySelectorAll('iframe[data-secret=\"'+t.secret+'\"]'),o=l.querySelectorAll('blockquote[data-secret=\"'+t.secret+'\"]'),c=new RegExp(\"^https?:$\",\"i\"),i=0;i<o.length;i++)o[i].style.display=\"none\";for(i=0;i<a.length;i++)s=a[i],e.source===s.contentWindow&&(s.removeAttribute(\"style\"),\"height\"===t.message?(1e3<(r=parseInt(t.value,10))?r=1e3:~~r<200&&(r=200),s.height=r):\"link\"===t.message&&(r=new URL(s.getAttribute(\"src\")),n=new URL(t.value),c.test(n.protocol))&&n.host===r.host&&l.activeElement===s&&(d.top.location.href=t.value))}},d.addEventListener(\"message\",d.wp.receiveEmbedMessage,!1),l.addEventListener(\"DOMContentLoaded\",function(){for(var e,t,s=l.querySelectorAll(\"iframe.wp-embedded-content\"),r=0;r<s.length;r++)(t=(e=s[r]).getAttribute(\"data-secret\"))||(t=Math.random().toString(36).substring(2,12),e.src+=\"#?secret=\"+t,e.setAttribute(\"data-secret\",t)),e.contentWindow.postMessage({message:\"ready\",secret:t},\"*\")},!1)))}(window,document);\n\/* ]]> *\/\n<\/script>\n","thumbnail_url":"http:\/\/jaakkoalavuotunki.fi\/wp\/wp-content\/uploads\/2014\/01\/cropped-P8140385.jpg","thumbnail_width":1920,"thumbnail_height":1080,"description":"T\u00e4n\u00e4\u00e4n vietet\u00e4\u00e4n \u00c4l\u00e4 osta mit\u00e4\u00e4n \u2013p\u00e4iv\u00e4\u00e4. Teemap\u00e4iv\u00e4n\u00e4 on tarkoitus viett\u00e4\u00e4 vuorokausi hankkimatta tavaraa ja k\u00e4ytt\u00e4m\u00e4tt\u00e4 rahaa. Moni miettii, tarvitaanko turhan kuluttamisen kritisoimiseen omaa teemap\u00e4iv\u00e4\u00e4, kun kyse on kuitenkin valinnoista, joita tehd\u00e4\u00e4n joka p\u00e4iv\u00e4. Onko useimmille ihmisille kyse vain omatunnon \u00e4\u00e4nen&#46;&#46;&#46;"}